{"id":3833,"date":"2025-04-04T08:20:47","date_gmt":"2025-04-04T06:20:47","guid":{"rendered":"https:\/\/cabauhotels.com\/destinos\/hotels-auf-gran-canaria\/"},"modified":"2026-03-13T12:51:30","modified_gmt":"2026-03-13T11:51:30","slug":"hotels-auf-gran-canaria","status":"publish","type":"page","link":"https:\/\/cabauhotels.com\/de\/reiseziele\/hotels-auf-gran-canaria\/","title":{"rendered":"Hotels auf Gran Canaria"},"content":{"rendered":"\t\t<div data-elementor-type=\"wp-post\" data-elementor-id=\"3833\" class=\"elementor elementor-3833 elementor-2946\" data-elementor-post-type=\"page\">\n\t\t\t\t<div class=\"elementor-element elementor-element-f1553b4 e-con-full e-flex e-con e-parent\" data-id=\"f1553b4\" data-element_type=\"container\" data-e-type=\"container\" data-settings=\"{&quot;background_background&quot;:&quot;classic&quot;}\">\n\t\t<div class=\"elementor-element elementor-element-60bccf7 e-con-full e-flex e-con e-child\" data-id=\"60bccf7\" data-element_type=\"container\" data-e-type=\"container\">\n\t\t\t\t<div class=\"elementor-element elementor-element-53266f8 elementor-widget elementor-widget-heading\" data-id=\"53266f8\" data-element_type=\"widget\" data-e-type=\"widget\" data-widget_type=\"heading.default\">\n\t\t\t\t<div class=\"elementor-widget-container\">\n\t\t\t\t\t<h1 class=\"elementor-heading-title elementor-size-default\">Gran Canaria<\/h1>\t\t\t\t<\/div>\n\t\t\t\t<\/div>\n\t\t\t\t<div class=\"elementor-element elementor-element-582e21e elementor-widget elementor-widget-heading\" data-id=\"582e21e\" data-element_type=\"widget\" data-e-type=\"widget\" data-widget_type=\"heading.default\">\n\t\t\t\t<div class=\"elementor-widget-container\">\n\t\t\t\t\t<h2 class=\"elementor-heading-title elementor-size-default\">Einzigartige Erlebnisse unter der kanarischen Sonne:\nEin Bekenntnis zur Hotel-Exzellenz<\/h2>\t\t\t\t<\/div>\n\t\t\t\t<\/div>\n\t\t\t\t<\/div>\n\t\t\t\t<\/div>\n\t\t<div class=\"elementor-element elementor-element-9f02986 e-flex e-con-boxed e-con e-parent\" data-id=\"9f02986\" data-element_type=\"container\" data-e-type=\"container\" data-settings=\"{&quot;background_background&quot;:&quot;classic&quot;}\">\n\t\t\t\t\t<div class=\"e-con-inner\">\n\t\t<div class=\"elementor-element elementor-element-c5c504a e-con-full e-flex e-con e-child\" data-id=\"c5c504a\" data-element_type=\"container\" data-e-type=\"container\">\n\t\t\t\t<div class=\"elementor-element elementor-element-bd5653c elementor-widget elementor-widget-html\" data-id=\"bd5653c\" data-element_type=\"widget\" data-e-type=\"widget\" data-widget_type=\"html.default\">\n\t\t\t\t<div class=\"elementor-widget-container\">\n\t\t\t\t\t<div id=\"neo-mask-widget\"><\/div>\t\t\t\t<\/div>\n\t\t\t\t<\/div>\n\t\t\t\t<\/div>\n\t\t\t\t\t<\/div>\n\t\t\t\t<\/div>\n\t\t<div class=\"elementor-element elementor-element-e0322aa e-flex e-con-boxed e-con e-parent\" data-id=\"e0322aa\" data-element_type=\"container\" data-e-type=\"container\">\n\t\t\t\t\t<div class=\"e-con-inner\">\n\t\t<div class=\"elementor-element elementor-element-79f81c1 e-con-full e-flex e-con e-child\" data-id=\"79f81c1\" data-element_type=\"container\" data-e-type=\"container\" data-settings=\"{&quot;background_background&quot;:&quot;classic&quot;}\">\n\t\t<div class=\"elementor-element elementor-element-0500c0b e-con-full e-flex e-con e-child\" data-id=\"0500c0b\" data-element_type=\"container\" data-e-type=\"container\">\n\t\t\t\t<div class=\"elementor-element elementor-element-7e38744 elementor-widget elementor-widget-heading\" data-id=\"7e38744\" data-element_type=\"widget\" data-e-type=\"widget\" data-widget_type=\"heading.default\">\n\t\t\t\t<div class=\"elementor-widget-container\">\n\t\t\t\t\t<h2 class=\"elementor-heading-title elementor-size-default\">Unsere Apartments auf Gran Canaria<\/h2>\t\t\t\t<\/div>\n\t\t\t\t<\/div>\n\t\t\t\t<\/div>\n\t\t<a class=\"elementor-element elementor-element-65bb480 e-con-full e-flex e-con e-child\" data-id=\"65bb480\" data-element_type=\"container\" data-e-type=\"container\" href=\"https:\/\/cabauhotels.com\/calador-apartments\/\" target=\"_blank\">\n\t\t<div class=\"elementor-element elementor-element-42d5484 e-con-full e-flex e-con e-child\" data-id=\"42d5484\" data-element_type=\"container\" data-e-type=\"container\">\n\t\t\t\t<div class=\"elementor-element elementor-element-682b749 elementor-widget__width-inherit elementor-widget elementor-widget-image\" data-id=\"682b749\" data-element_type=\"widget\" data-e-type=\"widget\" data-widget_type=\"image.default\">\n\t\t\t\t<div class=\"elementor-widget-container\">\n\t\t\t\t\t\t\t\t\t\t\t\t\t\t\t<img fetchpriority=\"high\" decoding=\"async\" width=\"600\" height=\"767\" src=\"https:\/\/cabauhotels.com\/wp-content\/uploads\/2024\/02\/cala-dor-home.webp\" class=\"attachment-full size-full wp-image-3575\" alt=\"\" srcset=\"https:\/\/cabauhotels.com\/wp-content\/uploads\/2024\/02\/cala-dor-home.webp 600w, https:\/\/cabauhotels.com\/wp-content\/uploads\/2024\/02\/cala-dor-home-235x300.webp 235w\" sizes=\"(max-width: 600px) 100vw, 600px\" \/>\t\t\t\t\t\t\t\t\t\t\t\t\t\t\t<\/div>\n\t\t\t\t<\/div>\n\t\t<div class=\"elementor-element elementor-element-3391383 e-con-full e-flex e-con e-child\" data-id=\"3391383\" data-element_type=\"container\" data-e-type=\"container\">\n\t\t\t\t<div class=\"elementor-element elementor-element-aa4cafe elementor-widget__width-inherit elementor-widget elementor-widget-text-editor\" data-id=\"aa4cafe\" data-element_type=\"widget\" data-e-type=\"widget\" data-widget_type=\"text-editor.default\">\n\t\t\t\t<div class=\"elementor-widget-container\">\n\t\t\t\t\t\t\t\t\t<div>Cala D&#8217;Or Wohnungen<\/div>\n\t\t\t\t\t\t\t\t<\/div>\n\t\t\t\t<\/div>\n\t\t\t\t<div class=\"elementor-element elementor-element-c84754a elementor-widget__width-auto elementor-widget elementor-widget-text-editor\" data-id=\"c84754a\" data-element_type=\"widget\" data-e-type=\"widget\" data-widget_type=\"text-editor.default\">\n\t\t\t\t<div class=\"elementor-widget-container\">\n\t\t\t\t\t\t\t\t\t<div>Puerto Rico | Gran Canaria<\/div>\n\t\t\t\t\t\t\t\t<\/div>\n\t\t\t\t<\/div>\n\t\t\t\t<\/div>\n\t\t\t\t<\/div>\n\t\t\t\t<\/a>\n\t\t<a class=\"elementor-element elementor-element-24877b3 e-con-full e-flex e-con e-child\" data-id=\"24877b3\" data-element_type=\"container\" data-e-type=\"container\" href=\"https:\/\/cabauhotels.com\/altair-suites\/\" target=\"_blank\">\n\t\t<div class=\"elementor-element elementor-element-baae728 e-con-full e-flex e-con e-child\" data-id=\"baae728\" data-element_type=\"container\" data-e-type=\"container\">\n\t\t\t\t<div class=\"elementor-element elementor-element-65b447f elementor-widget__width-inherit elementor-widget elementor-widget-image\" data-id=\"65b447f\" data-element_type=\"widget\" data-e-type=\"widget\" data-widget_type=\"image.default\">\n\t\t\t\t<div class=\"elementor-widget-container\">\n\t\t\t\t\t\t\t\t\t\t\t\t\t\t\t<img decoding=\"async\" width=\"600\" height=\"767\" src=\"https:\/\/cabauhotels.com\/wp-content\/uploads\/2024\/02\/POOL-altair-suite-apartments-gran-canaria-spain_45.webp\" class=\"attachment-full size-full wp-image-3577\" alt=\"\" srcset=\"https:\/\/cabauhotels.com\/wp-content\/uploads\/2024\/02\/POOL-altair-suite-apartments-gran-canaria-spain_45.webp 600w, https:\/\/cabauhotels.com\/wp-content\/uploads\/2024\/02\/POOL-altair-suite-apartments-gran-canaria-spain_45-235x300.webp 235w\" sizes=\"(max-width: 600px) 100vw, 600px\" \/>\t\t\t\t\t\t\t\t\t\t\t\t\t\t\t<\/div>\n\t\t\t\t<\/div>\n\t\t<div class=\"elementor-element elementor-element-034a47b e-con-full e-flex e-con e-child\" data-id=\"034a47b\" data-element_type=\"container\" data-e-type=\"container\">\n\t\t\t\t<div class=\"elementor-element elementor-element-9eb92bf elementor-widget__width-inherit elementor-widget elementor-widget-text-editor\" data-id=\"9eb92bf\" data-element_type=\"widget\" data-e-type=\"widget\" data-widget_type=\"text-editor.default\">\n\t\t\t\t<div class=\"elementor-widget-container\">\n\t\t\t\t\t\t\t\t\t<div>Alta\u00efr-Suiten<\/div>\t\t\t\t\t\t\t\t<\/div>\n\t\t\t\t<\/div>\n\t\t\t\t<div class=\"elementor-element elementor-element-6460e7f elementor-widget__width-auto elementor-widget elementor-widget-text-editor\" data-id=\"6460e7f\" data-element_type=\"widget\" data-e-type=\"widget\" data-widget_type=\"text-editor.default\">\n\t\t\t\t<div class=\"elementor-widget-container\">\n\t\t\t\t\t\t\t\t\t<div>Puerto Rico | Gran Canaria<\/div>\n\t\t\t\t\t\t\t\t<\/div>\n\t\t\t\t<\/div>\n\t\t\t\t<\/div>\n\t\t\t\t<\/div>\n\t\t\t\t<\/a>\n\t\t<a class=\"elementor-element elementor-element-abb1d3c e-con-full e-flex e-con e-child\" data-id=\"abb1d3c\" data-element_type=\"container\" data-e-type=\"container\" href=\"https:\/\/cabauhotels.com\/cala-nova\/\" target=\"_blank\">\n\t\t<div class=\"elementor-element elementor-element-ac6cb2d e-con-full e-flex e-con e-child\" data-id=\"ac6cb2d\" data-element_type=\"container\" data-e-type=\"container\">\n\t\t\t\t<div class=\"elementor-element elementor-element-adb0595 elementor-widget__width-inherit elementor-widget elementor-widget-image\" data-id=\"adb0595\" data-element_type=\"widget\" data-e-type=\"widget\" data-widget_type=\"image.default\">\n\t\t\t\t<div class=\"elementor-widget-container\">\n\t\t\t\t\t\t\t\t\t\t\t\t\t\t\t<img decoding=\"async\" width=\"600\" height=\"766\" src=\"https:\/\/cabauhotels.com\/wp-content\/uploads\/2024\/02\/HOME-cala-nova-apartments-gran-canaria-spain.webp\" class=\"attachment-full size-full wp-image-3579\" alt=\"\" srcset=\"https:\/\/cabauhotels.com\/wp-content\/uploads\/2024\/02\/HOME-cala-nova-apartments-gran-canaria-spain.webp 600w, https:\/\/cabauhotels.com\/wp-content\/uploads\/2024\/02\/HOME-cala-nova-apartments-gran-canaria-spain-235x300.webp 235w\" sizes=\"(max-width: 600px) 100vw, 600px\" \/>\t\t\t\t\t\t\t\t\t\t\t\t\t\t\t<\/div>\n\t\t\t\t<\/div>\n\t\t<div class=\"elementor-element elementor-element-605b52c e-con-full e-flex e-con e-child\" data-id=\"605b52c\" data-element_type=\"container\" data-e-type=\"container\">\n\t\t\t\t<div class=\"elementor-element elementor-element-17625bb elementor-widget__width-inherit elementor-widget elementor-widget-text-editor\" data-id=\"17625bb\" data-element_type=\"widget\" data-e-type=\"widget\" data-widget_type=\"text-editor.default\">\n\t\t\t\t<div class=\"elementor-widget-container\">\n\t\t\t\t\t\t\t\t\t<div>Cala Nova Wohnungen<\/div>\n\t\t\t\t\t\t\t\t<\/div>\n\t\t\t\t<\/div>\n\t\t\t\t<div class=\"elementor-element elementor-element-f71c8d0 elementor-widget__width-auto elementor-widget elementor-widget-text-editor\" data-id=\"f71c8d0\" data-element_type=\"widget\" data-e-type=\"widget\" data-widget_type=\"text-editor.default\">\n\t\t\t\t<div class=\"elementor-widget-container\">\n\t\t\t\t\t\t\t\t\t<div>Puerto Rico | Gran Canaria<\/div>\n\t\t\t\t\t\t\t\t<\/div>\n\t\t\t\t<\/div>\n\t\t\t\t<\/div>\n\t\t\t\t<\/div>\n\t\t\t\t<\/a>\n\t\t\t\t<\/div>\n\t\t\t\t\t<\/div>\n\t\t\t\t<\/div>\n\t\t<div class=\"elementor-element elementor-element-47094ae e-flex e-con-boxed e-con e-parent\" data-id=\"47094ae\" data-element_type=\"container\" data-e-type=\"container\" data-settings=\"{&quot;background_background&quot;:&quot;classic&quot;}\">\n\t\t\t\t\t<div class=\"e-con-inner\">\n\t\t<div class=\"elementor-element elementor-element-2f7e3ee e-con-full e-flex e-con e-child\" data-id=\"2f7e3ee\" data-element_type=\"container\" data-e-type=\"container\">\n\t\t\t\t<div class=\"elementor-element elementor-element-e732591 elementor-widget elementor-widget-heading\" data-id=\"e732591\" data-element_type=\"widget\" data-e-type=\"widget\" data-widget_type=\"heading.default\">\n\t\t\t\t<div class=\"elementor-widget-container\">\n\t\t\t\t\t<h2 class=\"elementor-heading-title elementor-size-default\">Willkommen auf Gran Canaria: Wo jeder Tag wie ein ewiger Sommer ist<\/h2>\t\t\t\t<\/div>\n\t\t\t\t<\/div>\n\t\t\t\t<div class=\"elementor-element elementor-element-12e0c1c elementor-widget__width-initial elementor-widget elementor-widget-text-editor\" data-id=\"12e0c1c\" data-element_type=\"widget\" data-e-type=\"widget\" data-widget_type=\"text-editor.default\">\n\t\t\t\t<div class=\"elementor-widget-container\">\n\t\t\t\t\t\t\t\t\t<p>Im Atlantischen Ozean gelegen, ist Gran Canaria eines der Juwelen des Kanarischen Archipels \u2013 ein traumhaftes Reiseziel, das jedes Jahr Millionen von Besuchern anzieht. Mit goldenen Sandstr\u00e4nden, einem ganzj\u00e4hrig fr\u00fchlingshaften Klima und einer erstaunlichen landschaftlichen Vielfalt bietet die Insel ein unvergessliches Erlebnis f\u00fcr alle Arten von Reisenden. Von der lebendigen Stadt Las Palmas de Gran Canaria \u00fcber das vulkanische Inselinnere bis hin zu den D\u00fcnen von Maspalomas \u2013 Gran Canaria ist ein Ort, an dem Natur, Kultur und Tradition in perfekter Harmonie zusammenleben.  <\/p>\n\t\t\t\t\t\t\t\t<\/div>\n\t\t\t\t<\/div>\n\t\t\t\t<\/div>\n\t\t\t\t\t<\/div>\n\t\t\t\t<\/div>\n\t\t<div class=\"elementor-element elementor-element-adf255e e-con-full e-flex e-con e-parent\" data-id=\"adf255e\" data-element_type=\"container\" data-e-type=\"container\" data-settings=\"{&quot;background_background&quot;:&quot;classic&quot;}\">\n\t\t\t\t<div class=\"elementor-element elementor-element-4740006 stickyicon elementor-hidden-mobile elementor-view-default elementor-widget elementor-widget-icon\" data-id=\"4740006\" data-element_type=\"widget\" data-e-type=\"widget\" data-widget_type=\"icon.default\">\n\t\t\t\t<div class=\"elementor-widget-container\">\n\t\t\t\t\t\t\t<div class=\"elementor-icon-wrapper\">\n\t\t\t<a class=\"elementor-icon\" href=\"#skip\">\n\t\t\t<i aria-hidden=\"true\" class=\"fas fa-arrow-circle-down\"><\/i>\t\t\t<\/a>\n\t\t<\/div>\n\t\t\t\t\t\t<\/div>\n\t\t\t\t<\/div>\n\t\t\t\t<div class=\"elementor-element elementor-element-d3ecaf7 elementor-align-center elementor-widget elementor-widget-button\" data-id=\"d3ecaf7\" data-element_type=\"widget\" data-e-type=\"widget\" data-widget_type=\"button.default\">\n\t\t\t\t<div class=\"elementor-widget-container\">\n\t\t\t\t\t\t\t\t\t<div class=\"elementor-button-wrapper\">\n\t\t\t\t\t<a class=\"elementor-button elementor-button-link elementor-size-sm\" href=\"#skip\">\n\t\t\t\t\t\t<span class=\"elementor-button-content-wrapper\">\n\t\t\t\t\t\t\t\t\t<span class=\"elementor-button-text\">JETZT BUCHEN<\/span>\n\t\t\t\t\t<\/span>\n\t\t\t\t\t<\/a>\n\t\t\t\t<\/div>\n\t\t\t\t\t\t\t\t<\/div>\n\t\t\t\t<\/div>\n\t\t\t\t<div class=\"elementor-element elementor-element-3ce255a elementor-arrows-position-inside elementor-widget elementor-widget-n-carousel\" data-id=\"3ce255a\" data-element_type=\"widget\" data-e-type=\"widget\" data-settings=\"{&quot;carousel_items&quot;:[{&quot;slide_title&quot;:&quot;Slide #1&quot;,&quot;_id&quot;:&quot;88f1aab&quot;},{&quot;slide_title&quot;:&quot;Slide #2&quot;,&quot;_id&quot;:&quot;22cd3aa&quot;},{&quot;slide_title&quot;:&quot;Slide #3&quot;,&quot;_id&quot;:&quot;e61adec&quot;}],&quot;slides_to_show&quot;:&quot;1&quot;,&quot;slides_to_scroll&quot;:&quot;1&quot;,&quot;image_spacing_custom&quot;:{&quot;unit&quot;:&quot;px&quot;,&quot;size&quot;:0,&quot;sizes&quot;:[]},&quot;slides_to_show_tablet&quot;:&quot;2&quot;,&quot;slides_to_show_mobile&quot;:&quot;1&quot;,&quot;speed&quot;:500,&quot;arrows&quot;:&quot;yes&quot;,&quot;image_spacing_custom_tablet&quot;:{&quot;unit&quot;:&quot;px&quot;,&quot;size&quot;:&quot;&quot;,&quot;sizes&quot;:[]},&quot;image_spacing_custom_mobile&quot;:{&quot;unit&quot;:&quot;px&quot;,&quot;size&quot;:&quot;&quot;,&quot;sizes&quot;:[]}}\" data-widget_type=\"nested-carousel.default\">\n\t\t\t\t<div class=\"elementor-widget-container\">\n\t\t\t\t\t\t\t<div class=\"e-n-carousel swiper\" role=\"region\" aria-roledescription=\"carousel\" aria-label=\"Carousel\" dir=\"ltr\">\r\n\t\t\t<div class=\"swiper-wrapper\" aria-live=\"polite\">\r\n\t\t\t\t\t\t\t\t\t\t<div class=\"swiper-slide\" data-slide=\"1\" role=\"group\" aria-roledescription=\"slide\" aria-label=\"1 of 3\">\r\n\t\t\t\t\t\t\t<div class=\"elementor-element elementor-element-b3c4ab9 e-con-full e-flex e-con e-child\" data-id=\"b3c4ab9\" data-element_type=\"container\" data-e-type=\"container\" data-settings=\"{&quot;background_background&quot;:&quot;classic&quot;}\">\n\t\t\t\t<div class=\"elementor-element elementor-element-937b6df elementor-widget elementor-widget-heading\" data-id=\"937b6df\" data-element_type=\"widget\" data-e-type=\"widget\" data-widget_type=\"heading.default\">\n\t\t\t\t<div class=\"elementor-widget-container\">\n\t\t\t\t\t<h2 class=\"elementor-heading-title elementor-size-default\">Tradition und Charme: Entdecke die Kultur und D\u00f6rfer Gran Canarias<\/h2>\t\t\t\t<\/div>\n\t\t\t\t<\/div>\n\t\t\t\t<div class=\"elementor-element elementor-element-dd3975e elementor-widget elementor-widget-text-editor\" data-id=\"dd3975e\" data-element_type=\"widget\" data-e-type=\"widget\" data-widget_type=\"text-editor.default\">\n\t\t\t\t<div class=\"elementor-widget-container\">\n\t\t\t\t\t\t\t\t\t<p>Gran Canaria ist viel mehr als nur Sonne und Strand: Es ist eine Insel mit einer einzigartigen kulturellen Identit\u00e4t und geschichtstr\u00e4chtigen D\u00f6rfern. Orte wie Teror, Tejeda oder Agaete bewahren jahrhundertealte Traditionen, typische kanarische Architektur und eine Herzlichkeit, die jeden Besucher verzaubert. <\/p>\n<p>Diese Orte zu erkunden ist eine M\u00f6glichkeit, das Wesen der Insel zu entdecken: ihre lokale Gastronomie, ihre Kunsthandwerksm\u00e4rkte und ihre traditionellen Feste. Kulturtourismus auf Gran Canaria bietet ein authentisches und bereicherndes Erlebnis \u2013 ideal f\u00fcr alle, die mit der wahren kanarischen Seele in Verbindung treten m\u00f6chten. <\/p>\n\t\t\t\t\t\t\t\t<\/div>\n\t\t\t\t<\/div>\n\t\t\t\t<\/div>\n\t\t\t\t\t\t\t\t<\/div>\r\n\t\t\t\t\t\t\t\t\t\t\t<div class=\"swiper-slide\" data-slide=\"2\" role=\"group\" aria-roledescription=\"slide\" aria-label=\"2 of 3\">\r\n\t\t\t\t\t\t\t<div class=\"elementor-element elementor-element-fc7977b e-con-full e-flex e-con e-child\" data-id=\"fc7977b\" data-element_type=\"container\" data-e-type=\"container\" data-settings=\"{&quot;background_background&quot;:&quot;classic&quot;}\">\n\t\t\t\t<div class=\"elementor-element elementor-element-337b7f9 elementor-widget elementor-widget-heading\" data-id=\"337b7f9\" data-element_type=\"widget\" data-e-type=\"widget\" data-widget_type=\"heading.default\">\n\t\t\t\t<div class=\"elementor-widget-container\">\n\t\t\t\t\t<h2 class=\"elementor-heading-title elementor-size-default\">Str\u00e4nde von Gran Canaria: Nat\u00fcrliche Sch\u00f6nheit an jeder Ecke der K\u00fcste<\/h2>\t\t\t\t<\/div>\n\t\t\t\t<\/div>\n\t\t\t\t<div class=\"elementor-element elementor-element-1f7281a elementor-widget elementor-widget-text-editor\" data-id=\"1f7281a\" data-element_type=\"widget\" data-e-type=\"widget\" data-widget_type=\"text-editor.default\">\n\t\t\t\t<div class=\"elementor-widget-container\">\n\t\t\t\t\t\t\t\t\t<p>Gran Canaria verf\u00fcgt \u00fcber mehr als 200 Kilometer K\u00fcste und eine unglaubliche Vielfalt an Str\u00e4nden f\u00fcr jeden Geschmack. Von den ber\u00fchmten D\u00fcnen von Maspalomas und dem Strand von Amadores bis hin zu versteckten Buchten wie Guigui oder dem Strand von Tirita\u00f1a \u2013 jeder Ort bietet eine einzigartige Landschaft, umsp\u00fclt von kristallklarem Wasser. <\/p>\n<p>Ob zum Entspannen in der Sonne, f\u00fcr Wassersport oder um einen unvergesslichen Sonnenuntergang zu genie\u00dfen \u2013 die Str\u00e4nde von Gran Canaria geh\u00f6ren zu den gr\u00f6\u00dften Sch\u00e4tzen der Insel. Das ganzj\u00e4hrig warme Klima macht die K\u00fcste zum idealen Ziel f\u00fcr einen perfekten Urlaub am Meer. <\/p>\n\t\t\t\t\t\t\t\t<\/div>\n\t\t\t\t<\/div>\n\t\t\t\t<\/div>\n\t\t\t\t\t\t\t\t<\/div>\r\n\t\t\t\t\t\t\t\t\t\t\t<div class=\"swiper-slide\" data-slide=\"3\" role=\"group\" aria-roledescription=\"slide\" aria-label=\"3 of 3\">\r\n\t\t\t\t\t\t\t<div class=\"elementor-element elementor-element-5fe9f80 e-con-full e-flex e-con e-child\" data-id=\"5fe9f80\" data-element_type=\"container\" data-e-type=\"container\" data-settings=\"{&quot;background_background&quot;:&quot;classic&quot;}\">\n\t\t\t\t<div class=\"elementor-element elementor-element-b83ea4b elementor-widget elementor-widget-heading\" data-id=\"b83ea4b\" data-element_type=\"widget\" data-e-type=\"widget\" data-widget_type=\"heading.default\">\n\t\t\t\t<div class=\"elementor-widget-container\">\n\t\t\t\t\t<h2 class=\"elementor-heading-title elementor-size-default\">Wilde Natur und vulkanische Landschaften auf Gran Canaria<\/h2>\t\t\t\t<\/div>\n\t\t\t\t<\/div>\n\t\t\t\t<div class=\"elementor-element elementor-element-7325032 elementor-widget elementor-widget-text-editor\" data-id=\"7325032\" data-element_type=\"widget\" data-e-type=\"widget\" data-widget_type=\"text-editor.default\">\n\t\t\t\t<div class=\"elementor-widget-container\">\n\t\t\t\t\t\t\t\t\t<p class=\"\" data-start=\"173\" data-end=\"554\">Gran Canaria ist ein wahres Paradies f\u00fcr Naturliebhaber. Ihr vulkanischer Ursprung hat eine beeindruckende landschaftliche Vielfalt hervorgebracht: von Kratern und steilen Schluchten bis hin zu endlosen Kiefernw\u00e4ldern und Aussichtspunkten mit atemberaubenden Ausblicken. Orte wie der Roque Nublo, der Naturpark Nublo oder die Caldera de Bandama zeigen die Naturgewalten, die die Insel geformt haben.  <\/p>\n<p class=\"\" data-start=\"556\" data-end=\"912\">Das Innere Gran Canarias zu erkunden hei\u00dft, in eine Welt voller Kontraste einzutauchen, in der sich die Farbe der Erde mit jedem Schritt ver\u00e4ndert und nur der Wind zwischen den Bergen die Stille durchbricht. Wandern, Panoramarouten und der direkte Kontakt mit der vulkanischen Erde machen diese Insel zu einem unvergesslichen Ziel f\u00fcr alle, die Abenteuer und eine tiefe Verbindung zur Natur suchen. <\/p>\n\t\t\t\t\t\t\t\t<\/div>\n\t\t\t\t<\/div>\n\t\t\t\t<\/div>\n\t\t\t\t\t\t\t\t<\/div>\r\n\t\t\t\t\t\t\t\t<\/div>\r\n\t\t<\/div>\r\n\t\t\t\t\t<div class=\"elementor-swiper-button elementor-swiper-button-prev\" role=\"button\" tabindex=\"0\" aria-label=\"Previous\">\r\n\t\t\t\t<i aria-hidden=\"true\" class=\"eicon-chevron-left\"><\/i>\t\t\t<\/div>\r\n\t\t\t<div class=\"elementor-swiper-button elementor-swiper-button-next\" role=\"button\" tabindex=\"0\" aria-label=\"Next\">\r\n\t\t\t\t<i aria-hidden=\"true\" class=\"eicon-chevron-right\"><\/i>\t\t\t<\/div>\r\n\t\t\t\t\t\t<\/div>\n\t\t\t\t<\/div>\n\t\t\t\t<\/div>\n\t\t<div class=\"elementor-element elementor-element-567a53e e-flex e-con-boxed e-con e-parent\" data-id=\"567a53e\" data-element_type=\"container\" data-e-type=\"container\">\n\t\t\t\t\t<div class=\"e-con-inner\">\n\t\t\t\t<div class=\"elementor-element elementor-element-cf343cc elementor-widget elementor-widget-html\" data-id=\"cf343cc\" data-element_type=\"widget\" data-e-type=\"widget\" data-widget_type=\"html.default\">\n\t\t\t\t<div class=\"elementor-widget-container\">\n\t\t\t\t\t<style>\r\n@media (min-width: 768px) {\r\n  .e-n-carousel {\r\n    overflow: hidden;\r\n    height: 100vh;\r\n    position: relative;\r\n  }\r\n  .elementor-swiper-button-next,\r\n  .elementor-swiper-button-prev {\r\n    display: none;\r\n  }\r\n  .e-n-carousel .swiper-wrapper {\r\n    display: flex;\r\n    flex-direction: row;\r\n    transition: transform 0.2s ease;\r\n  }\r\n  .e-n-carousel .swiper-slide {\r\n    flex: 0 0 100vw;\r\n    height: 100vh;\r\n  }\r\n  .stickyicon {\r\n    position: fixed;\r\n    top: 20px;\r\n    right: 20px;\r\n    z-index: 1000;\r\n    cursor: pointer;\r\n    opacity: 0;\r\n    pointer-events: none;\r\n    transition: opacity 0.3s ease;\r\n  }\r\n}\r\n<\/style>\r\n<script src=\"https:\/\/cdnjs.cloudflare.com\/ajax\/libs\/gsap\/3.12.2\/gsap.min.js\"><\/script>\r\n<script src=\"https:\/\/cdnjs.cloudflare.com\/ajax\/libs\/gsap\/3.12.2\/ScrollTrigger.min.js\"><\/script>\r\n<script>\r\n\/\/ Wrap all JavaScript functionality in a media query check\r\nfunction initCarousel() {\r\n  if (window.matchMedia('(min-width: 768px)').matches) {\r\n    gsap.registerPlugin(ScrollTrigger);\r\n    const swiperWrapper = document.querySelector('.swiper-wrapper');\r\n    const slides = document.querySelectorAll('.swiper-slide');\r\n    const stickyIcon = document.querySelector('.stickyicon');\r\n    const skipSection = document.getElementById('skip');\r\n    const totalSlides = slides.length;\r\n\r\n    \/\/ Ensure the first slide is visible\r\n    gsap.set(swiperWrapper, { x: 0 });\r\n\r\n    \/\/ Calculate total scrollable width\r\n    const totalScrollWidth = (totalSlides - 1) * window.innerWidth;\r\n\r\n    \/\/ Enable pinning only on larger screens (desktop\/tablet)\r\n    const enablePinning = true; \/\/ Always true since we're already in media query check\r\n\r\n    \/\/ Scroll distance calculation\r\n    const scrollEndValue = `+=${totalSlides * window.innerHeight}`;\r\n\r\n    \/\/ Horizontal scroll animation triggered by vertical scroll\r\n    const scrollAnimation = gsap.to(swiperWrapper, {\r\n      x: () => -totalScrollWidth,\r\n      ease: 'none',\r\n      scrollTrigger: {\r\n        trigger: '.e-n-carousel',\r\n        pin: enablePinning,\r\n        scrub: true,\r\n        end: scrollEndValue,\r\n        anticipatePin: 1,\r\n        pinSpacing: true,\r\n      },\r\n    });\r\n\r\n    \/\/ Show\/hide sticky icon based on the carousel's visibility\r\n    ScrollTrigger.create({\r\n      trigger: '.e-n-carousel',\r\n      start: 'top top',\r\n      end: scrollEndValue,\r\n      onEnter: () => {\r\n        stickyIcon.style.opacity = '1';\r\n        stickyIcon.style.pointerEvents = 'auto';\r\n      },\r\n      onLeave: () => {\r\n        stickyIcon.style.opacity = '0';\r\n        stickyIcon.style.pointerEvents = 'none';\r\n      },\r\n      onEnterBack: () => {\r\n        stickyIcon.style.opacity = '1';\r\n        stickyIcon.style.pointerEvents = 'auto';\r\n      },\r\n      onLeaveBack: () => {\r\n        stickyIcon.style.opacity = '0';\r\n        stickyIcon.style.pointerEvents = 'none';\r\n      },\r\n    });\r\n\r\n    \/\/ Sticky icon click behavior\r\n    stickyIcon.addEventListener('click', () => {\r\n      if (skipSection) {\r\n        gsap.to(window, {\r\n          scrollTo: skipSection.offsetTop,\r\n          duration: 0.1,\r\n          ease: 'none',\r\n        });\r\n      }\r\n    });\r\n  }\r\n}\r\n\r\n\/\/ Initialize on load\r\ninitCarousel();\r\n\r\n\/\/ Refresh on resize\r\nwindow.addEventListener('resize', () => {\r\n  initCarousel();\r\n  if (window.matchMedia('(min-width: 768px)').matches) {\r\n    ScrollTrigger.refresh();\r\n  }\r\n});\r\n<\/script>\t\t\t\t<\/div>\n\t\t\t\t<\/div>\n\t\t\t\t\t<\/div>\n\t\t\t\t<\/div>\n\t\t\t\t<\/div>\n\t\t","protected":false},"excerpt":{"rendered":"<p>Gran Canaria Einzigartige Erlebnisse unter der kanarischen Sonne: Ein Bekenntnis zur Hotel-Exzellenz Unsere Apartments auf Gran Canaria Cala D&#8217;Or Wohnungen Puerto Rico | Gran Canaria Alta\u00efr-SuitenPuerto Rico | Gran Canaria Cala Nova Wohnungen Puerto Rico | Gran Canaria Willkommen auf Gran Canaria: Wo jeder Tag wie ein ewiger Sommer ist Im Atlantischen Ozean gelegen, ist [&hellip;]<\/p>\n","protected":false},"author":1,"featured_media":0,"parent":3829,"menu_order":0,"comment_status":"closed","ping_status":"closed","template":"","meta":{"_acf_changed":false,"site-sidebar-layout":"no-sidebar","site-content-layout":"page-builder","ast-site-content-layout":"full-width-container","site-content-style":"unboxed","site-sidebar-style":"unboxed","ast-global-header-display":"","ast-banner-title-visibility":"","ast-main-header-display":"","ast-hfb-above-header-display":"","ast-hfb-below-header-display":"","ast-hfb-mobile-header-display":"","site-post-title":"disabled","ast-breadcrumbs-content":"","ast-featured-img":"disabled","footer-sml-layout":"","ast-disable-related-posts":"","theme-transparent-header-meta":"enabled","adv-header-id-meta":"","stick-header-meta":"","header-above-stick-meta":"","header-main-stick-meta":"","header-below-stick-meta":"","astra-migrate-meta-layouts":"default","ast-page-background-enabled":"default","ast-page-background-meta":{"desktop":{"background-color":"","background-image":"","background-repeat":"repeat","background-position":"center center","background-size":"auto","background-attachment":"scroll","background-type":"","background-media":"","overlay-type":"","overlay-color":"","overlay-opacity":"","overlay-gradient":""},"tablet":{"background-color":"","background-image":"","background-repeat":"repeat","background-position":"center center","background-size":"auto","background-attachment":"scroll","background-type":"","background-media":"","overlay-type":"","overlay-color":"","overlay-opacity":"","overlay-gradient":""},"mobile":{"background-color":"","background-image":"","background-repeat":"repeat","background-position":"center center","background-size":"auto","background-attachment":"scroll","background-type":"","background-media":"","overlay-type":"","overlay-color":"","overlay-opacity":"","overlay-gradient":""}},"ast-content-background-meta":{"desktop":{"background-color":"var(--ast-global-color-5)","background-image":"","background-repeat":"repeat","background-position":"center center","background-size":"auto","background-attachment":"scroll","background-type":"","background-media":"","overlay-type":"","overlay-color":"","overlay-opacity":"","overlay-gradient":""},"tablet":{"background-color":"var(--ast-global-color-5)","background-image":"","background-repeat":"repeat","background-position":"center center","background-size":"auto","background-attachment":"scroll","background-type":"","background-media":"","overlay-type":"","overlay-color":"","overlay-opacity":"","overlay-gradient":""},"mobile":{"background-color":"var(--ast-global-color-5)","background-image":"","background-repeat":"repeat","background-position":"center center","background-size":"auto","background-attachment":"scroll","background-type":"","background-media":"","overlay-type":"","overlay-color":"","overlay-opacity":"","overlay-gradient":""}},"footnotes":""},"class_list":["post-3833","page","type-page","status-publish","hentry"],"acf":[],"_links":{"self":[{"href":"https:\/\/cabauhotels.com\/de\/wp-json\/wp\/v2\/pages\/3833","targetHints":{"allow":["GET"]}}],"collection":[{"href":"https:\/\/cabauhotels.com\/de\/wp-json\/wp\/v2\/pages"}],"about":[{"href":"https:\/\/cabauhotels.com\/de\/wp-json\/wp\/v2\/types\/page"}],"author":[{"embeddable":true,"href":"https:\/\/cabauhotels.com\/de\/wp-json\/wp\/v2\/users\/1"}],"replies":[{"embeddable":true,"href":"https:\/\/cabauhotels.com\/de\/wp-json\/wp\/v2\/comments?post=3833"}],"version-history":[{"count":9,"href":"https:\/\/cabauhotels.com\/de\/wp-json\/wp\/v2\/pages\/3833\/revisions"}],"predecessor-version":[{"id":5969,"href":"https:\/\/cabauhotels.com\/de\/wp-json\/wp\/v2\/pages\/3833\/revisions\/5969"}],"up":[{"embeddable":true,"href":"https:\/\/cabauhotels.com\/de\/wp-json\/wp\/v2\/pages\/3829"}],"wp:attachment":[{"href":"https:\/\/cabauhotels.com\/de\/wp-json\/wp\/v2\/media?parent=3833"}],"curies":[{"name":"wp","href":"https:\/\/api.w.org\/{rel}","templated":true}]}}